{"id":11,"date":"2024-09-27T08:07:20","date_gmt":"2024-09-27T08:07:20","guid":{"rendered":"https:\/\/semanadamama.gimm.pt\/?page_id=11"},"modified":"2024-10-04T11:01:59","modified_gmt":"2024-10-04T11:01:59","slug":"semana-da-mama-2023","status":"publish","type":"page","link":"https:\/\/semanadamama.gimm.pt\/en\/semana-da-mama-2023\/","title":{"rendered":"Semana da Mama 2023"},"content":{"rendered":"\n<p class=\"my-5\">Outubro \u00e9 o m\u00eas em que \u2013 a n\u00edvel mundial \u2013 nos vestimos de cor de rosa e nos juntamos para alertar para o cancro da mama. A&nbsp;<a href=\"https:\/\/gimm.pt\" target=\"_blank\" rel=\"noreferrer noopener\">Funda\u00e7\u00e3o GIMM<\/a>&nbsp;tenta contribuir para este alerta ao longo de todo o ano, refor\u00e7ando tamb\u00e9m a import\u00e2ncia da investiga\u00e7\u00e3o cient\u00edfica em todo este processo, uma vez que esta \u00e9 a chave para o avan\u00e7o em solu\u00e7\u00f5es para este problema que pode afetar 1 em cada 8 mulheres em Portugal.<\/p>\n\n\n\n<p>A&nbsp;<strong>Semana da Mama 2023<\/strong>&nbsp;foi um evento muito especial dedicado \u00e0 sensibiliza\u00e7\u00e3o para o cancro da mama, a par tamb\u00e9m do in\u00edcio do&nbsp;<a href=\"https:\/\/gimm.pt\/_our-work\/care\/\" target=\"_blank\" rel=\"noreferrer noopener\">Centro de Excel\u00eancia CARE<\/a>&nbsp;em investiga\u00e7\u00e3o cl\u00ednica e translacional, que inclui uma miss\u00e3o com o objetivo de reduzir a incid\u00eancia e a mortalidade do cancro de mama metast\u00e1tico.<\/p>\n\n\n\n<p class=\"has-white-color has-text-color has-link-color wp-elements-7e4ac651328708ea719ac0894fa30934\">.<\/p>\n\n\n<div class=\"wp-block-image\">\n<figure class=\"aligncenter size-full\"><img loading=\"lazy\" decoding=\"async\" width=\"772\" height=\"434\" src=\"https:\/\/semanadamama.gimm.pt\/wp-content\/uploads\/sites\/3\/2024\/09\/Noticia-Semana-da-Mama.png\" alt=\"\" class=\"wp-image-107\" srcset=\"https:\/\/semanadamama.gimm.pt\/wp-content\/uploads\/sites\/3\/2024\/09\/Noticia-Semana-da-Mama.png 772w, https:\/\/semanadamama.gimm.pt\/wp-content\/uploads\/sites\/3\/2024\/09\/Noticia-Semana-da-Mama-300x169.png 300w, https:\/\/semanadamama.gimm.pt\/wp-content\/uploads\/sites\/3\/2024\/09\/Noticia-Semana-da-Mama-768x432.png 768w\" sizes=\"(max-width: 772px) 100vw, 772px\" \/><\/figure><\/div>\n\n\n<p class=\"has-white-color has-text-color has-link-color wp-elements-7e4ac651328708ea719ac0894fa30934\">.<\/p>\n\n\n\n<p>Durante 7 dias (24 a 30 outubro) a Alameda da Universidade, em Lisboa, foi palco de palestras, conversas, exposi\u00e7\u00f5es e recolhas de amostras de sangue para o&nbsp;<a href=\"https:\/\/biobanco.imm.medicina.ulisboa.pt\/\" target=\"_blank\" rel=\"noreferrer noopener\">Biobanco<\/a>. Tivemos iniciativas para todas as idades sempre com o tema central da sensibiliza\u00e7\u00e3o para o cancro e a investiga\u00e7\u00e3o cient\u00edfica.<\/p>\n\n\n\n<p>Durante estes dias, cerca de&nbsp;<strong>1000 pessoas<\/strong>&nbsp;visitaram as tendas que tinham a forma de mamas, participaram na abertura em que tivemos a participa\u00e7\u00e3o da Selma Uamusse e nas&nbsp;<strong>13 palestras com 32 oradores<\/strong>.&nbsp;<strong>262 pessoas contribu\u00edram<\/strong>&nbsp;diretamente para a ci\u00eancia tornando-se dadores do Biobanco e tantos outros que entraram para apreciar o mural de azulejos art\u00edsticos (da autoria de Pedro Louren\u00e7o e Vi\u00fava Lamego) que foi feito especialmente para a Semana da Mama 2023. Este mural est\u00e1 agora em exposi\u00e7\u00e3o permanente no 2\u00ba piso do Hospital de Santa Maria, onde pode ser apreciado pelas centenas de pessoas que por l\u00e1 passam diariamente.<\/p>\n\n\n\n<p class=\"has-white-color has-text-color has-link-color wp-elements-7e4ac651328708ea719ac0894fa30934\">.<\/p>\n\n\n\n<div class=\"wp-block-columns is-layout-flex wp-container-core-columns-is-layout-1 wp-block-columns-is-layout-flex\">\n<div class=\"wp-block-column is-vertically-aligned-center is-layout-flow wp-block-column-is-layout-flow\"><div class=\"wp-block-image\">\n<figure class=\"aligncenter size-full\"><img loading=\"lazy\" decoding=\"async\" width=\"1024\" height=\"683\" src=\"https:\/\/semanadamama.gimm.pt\/wp-content\/uploads\/sites\/3\/2024\/09\/BL231024_SEMANA_DA_MAMA-15-1024x683-2.jpg\" alt=\"\" class=\"wp-image-109\" style=\"aspect-ratio:16\/9;object-fit:cover\" srcset=\"https:\/\/semanadamama.gimm.pt\/wp-content\/uploads\/sites\/3\/2024\/09\/BL231024_SEMANA_DA_MAMA-15-1024x683-2.jpg 1024w, https:\/\/semanadamama.gimm.pt\/wp-content\/uploads\/sites\/3\/2024\/09\/BL231024_SEMANA_DA_MAMA-15-1024x683-2-300x200.jpg 300w, https:\/\/semanadamama.gimm.pt\/wp-content\/uploads\/sites\/3\/2024\/09\/BL231024_SEMANA_DA_MAMA-15-1024x683-2-768x512.jpg 768w\" sizes=\"(max-width: 1024px) 100vw, 1024px\" \/><\/figure><\/div><\/div>\n<\/div>\n\n\n\n<p class=\"has-white-color has-text-color has-link-color wp-elements-7e4ac651328708ea719ac0894fa30934\">.<\/p>\n\n\n\n<p>A Semana da Mama foi ainda palco do lan\u00e7amento do livro \u201cAfinal, o que \u00e9 o cancro?\u201d, uma colet\u00e2nea de 12 artigos sobre cancro da autoria de S\u00e9rgio Dias (Consultor Cient\u00edfico do iMM-La\u00e7o Hub e Investigador do&nbsp;<a href=\"https:\/\/gimm.pt\/_our-work\/care\/\" target=\"_blank\" rel=\"noreferrer noopener\">CARE<\/a>), publicados originalmente na revista Vis\u00e3o, com pref\u00e1cio do oncologista Manuel Sobrinho Sim\u00f5es e ilustra\u00e7\u00f5es de Helena Pinheiro. Pode saber mais sobre este livro aqui.<\/p>\n\n\n\n<p>Obrigada a todos os que nos visitaram e que permitiram que este evento acontecesse.<\/p>\n\n\n\n<p class=\"has-white-color has-text-color has-link-color wp-elements-7e4ac651328708ea719ac0894fa30934\">.<\/p>\n\n\n<div style=\"position: relative;\" id=\"\" class=\"alignfull\">\n\n\t\n\t\n\t<div style=\"background-color: unset;\" class=\"wrapper_section divider  \">\n\n\t\t<section >\n\t\t\t<div class=\"container\">\n\n\n\t\t\t\t\n\t\t\t\t\t<div class=\"row\">\n\t\t\t\t\t\t<div class=\"col-md-6 pt-2 pb-2 d-flex justify-content-start\">\n\t\t\t\t\t\t\t<h2 class=\"gimm_title mt-4 mb-4 wow fadeInLeft\"\n\t\t\t\t\t\t\t\tstyle=\"visibility: visible; animation-name: fadeInLeft;\">\n\t\t\t\t\t\t\t\tGaleria de Fotografias\t\t\t\t\t\t\t<\/h2>\n\t\t\t\t\t\t<\/div>\n\t\t\t\t\t\t<div class=\"col-md-6 pt-2 pb-2 d-flex justify-content-end\">\n\n\t\t\t\t\t\t<\/div>\n\t\t\t\t\t<\/div>\n\t\t\t\t\t\t\t\t<div class=\"acf-innerblocks-container\">\n\n<figure class=\"wp-block-gallery has-nested-images columns-default is-cropped light-box wp-block-gallery-1 is-layout-flex wp-block-gallery-is-layout-flex\">\n<figure class=\"wp-block-image size-full\"><img loading=\"lazy\" decoding=\"async\" width=\"1024\" height=\"682\" src=\"https:\/\/semanadamama.gimm.pt\/wp-content\/uploads\/sites\/3\/2024\/09\/13-1024x682-1.jpg\" alt=\"\" class=\"wp-image-43\" srcset=\"https:\/\/semanadamama.gimm.pt\/wp-content\/uploads\/sites\/3\/2024\/09\/13-1024x682-1.jpg 1024w, https:\/\/semanadamama.gimm.pt\/wp-content\/uploads\/sites\/3\/2024\/09\/13-1024x682-1-300x200.jpg 300w, https:\/\/semanadamama.gimm.pt\/wp-content\/uploads\/sites\/3\/2024\/09\/13-1024x682-1-768x512.jpg 768w\" sizes=\"(max-width: 1024px) 100vw, 1024px\" \/><\/figure>\n\n\n\n<figure class=\"wp-block-image size-full\"><img loading=\"lazy\" decoding=\"async\" width=\"1024\" height=\"678\" src=\"https:\/\/semanadamama.gimm.pt\/wp-content\/uploads\/sites\/3\/2024\/09\/11-1024x678-1.jpg\" alt=\"\" class=\"wp-image-45\" srcset=\"https:\/\/semanadamama.gimm.pt\/wp-content\/uploads\/sites\/3\/2024\/09\/11-1024x678-1.jpg 1024w, https:\/\/semanadamama.gimm.pt\/wp-content\/uploads\/sites\/3\/2024\/09\/11-1024x678-1-300x199.jpg 300w, https:\/\/semanadamama.gimm.pt\/wp-content\/uploads\/sites\/3\/2024\/09\/11-1024x678-1-768x509.jpg 768w\" sizes=\"(max-width: 1024px) 100vw, 1024px\" \/><\/figure>\n\n\n\n<figure class=\"wp-block-image size-full\"><img loading=\"lazy\" decoding=\"async\" width=\"1024\" height=\"677\" src=\"https:\/\/semanadamama.gimm.pt\/wp-content\/uploads\/sites\/3\/2024\/09\/6-1024x677-1.jpg\" alt=\"\" class=\"wp-image-46\" srcset=\"https:\/\/semanadamama.gimm.pt\/wp-content\/uploads\/sites\/3\/2024\/09\/6-1024x677-1.jpg 1024w, https:\/\/semanadamama.gimm.pt\/wp-content\/uploads\/sites\/3\/2024\/09\/6-1024x677-1-300x198.jpg 300w, https:\/\/semanadamama.gimm.pt\/wp-content\/uploads\/sites\/3\/2024\/09\/6-1024x677-1-768x508.jpg 768w\" sizes=\"(max-width: 1024px) 100vw, 1024px\" \/><\/figure>\n\n\n\n<figure class=\"wp-block-image size-full\"><img loading=\"lazy\" decoding=\"async\" width=\"1024\" height=\"684\" src=\"https:\/\/semanadamama.gimm.pt\/wp-content\/uploads\/sites\/3\/2024\/09\/4-1024x684-1.jpg\" alt=\"\" class=\"wp-image-47\" srcset=\"https:\/\/semanadamama.gimm.pt\/wp-content\/uploads\/sites\/3\/2024\/09\/4-1024x684-1.jpg 1024w, https:\/\/semanadamama.gimm.pt\/wp-content\/uploads\/sites\/3\/2024\/09\/4-1024x684-1-300x200.jpg 300w, https:\/\/semanadamama.gimm.pt\/wp-content\/uploads\/sites\/3\/2024\/09\/4-1024x684-1-768x513.jpg 768w\" sizes=\"(max-width: 1024px) 100vw, 1024px\" \/><\/figure>\n\n\n\n<figure class=\"wp-block-image size-full\"><img loading=\"lazy\" decoding=\"async\" width=\"1024\" height=\"685\" src=\"https:\/\/semanadamama.gimm.pt\/wp-content\/uploads\/sites\/3\/2024\/09\/5-1024x685-1.jpg\" alt=\"\" class=\"wp-image-48\" srcset=\"https:\/\/semanadamama.gimm.pt\/wp-content\/uploads\/sites\/3\/2024\/09\/5-1024x685-1.jpg 1024w, https:\/\/semanadamama.gimm.pt\/wp-content\/uploads\/sites\/3\/2024\/09\/5-1024x685-1-300x201.jpg 300w, https:\/\/semanadamama.gimm.pt\/wp-content\/uploads\/sites\/3\/2024\/09\/5-1024x685-1-768x514.jpg 768w\" sizes=\"(max-width: 1024px) 100vw, 1024px\" \/><\/figure>\n\n\n\n<figure class=\"wp-block-image size-full\"><img loading=\"lazy\" decoding=\"async\" width=\"1024\" height=\"684\" src=\"https:\/\/semanadamama.gimm.pt\/wp-content\/uploads\/sites\/3\/2024\/09\/9-1024x684-1.jpg\" alt=\"\" class=\"wp-image-49\" srcset=\"https:\/\/semanadamama.gimm.pt\/wp-content\/uploads\/sites\/3\/2024\/09\/9-1024x684-1.jpg 1024w, https:\/\/semanadamama.gimm.pt\/wp-content\/uploads\/sites\/3\/2024\/09\/9-1024x684-1-300x200.jpg 300w, https:\/\/semanadamama.gimm.pt\/wp-content\/uploads\/sites\/3\/2024\/09\/9-1024x684-1-768x513.jpg 768w\" sizes=\"(max-width: 1024px) 100vw, 1024px\" \/><\/figure>\n\n\n\n<figure class=\"wp-block-image size-full\"><img loading=\"lazy\" decoding=\"async\" width=\"1024\" height=\"676\" src=\"https:\/\/semanadamama.gimm.pt\/wp-content\/uploads\/sites\/3\/2024\/09\/1-1024x676-1.jpg\" alt=\"\" class=\"wp-image-50\" srcset=\"https:\/\/semanadamama.gimm.pt\/wp-content\/uploads\/sites\/3\/2024\/09\/1-1024x676-1.jpg 1024w, https:\/\/semanadamama.gimm.pt\/wp-content\/uploads\/sites\/3\/2024\/09\/1-1024x676-1-300x198.jpg 300w, https:\/\/semanadamama.gimm.pt\/wp-content\/uploads\/sites\/3\/2024\/09\/1-1024x676-1-768x507.jpg 768w\" sizes=\"(max-width: 1024px) 100vw, 1024px\" \/><\/figure>\n\n\n\n<figure class=\"wp-block-image size-full\"><img loading=\"lazy\" decoding=\"async\" width=\"1024\" height=\"680\" src=\"https:\/\/semanadamama.gimm.pt\/wp-content\/uploads\/sites\/3\/2024\/09\/3-1024x680-1.jpg\" alt=\"\" class=\"wp-image-51\" srcset=\"https:\/\/semanadamama.gimm.pt\/wp-content\/uploads\/sites\/3\/2024\/09\/3-1024x680-1.jpg 1024w, https:\/\/semanadamama.gimm.pt\/wp-content\/uploads\/sites\/3\/2024\/09\/3-1024x680-1-300x199.jpg 300w, https:\/\/semanadamama.gimm.pt\/wp-content\/uploads\/sites\/3\/2024\/09\/3-1024x680-1-768x510.jpg 768w\" sizes=\"(max-width: 1024px) 100vw, 1024px\" \/><\/figure>\n\n\n\n<figure class=\"wp-block-image size-full\"><img loading=\"lazy\" decoding=\"async\" width=\"1024\" height=\"677\" src=\"https:\/\/semanadamama.gimm.pt\/wp-content\/uploads\/sites\/3\/2024\/09\/12-1024x677-1.jpg\" alt=\"\" class=\"wp-image-52\" srcset=\"https:\/\/semanadamama.gimm.pt\/wp-content\/uploads\/sites\/3\/2024\/09\/12-1024x677-1.jpg 1024w, https:\/\/semanadamama.gimm.pt\/wp-content\/uploads\/sites\/3\/2024\/09\/12-1024x677-1-300x198.jpg 300w, https:\/\/semanadamama.gimm.pt\/wp-content\/uploads\/sites\/3\/2024\/09\/12-1024x677-1-768x508.jpg 768w\" sizes=\"(max-width: 1024px) 100vw, 1024px\" \/><\/figure>\n\n\n\n<figure class=\"wp-block-image size-full\"><img loading=\"lazy\" decoding=\"async\" width=\"1024\" height=\"691\" src=\"https:\/\/semanadamama.gimm.pt\/wp-content\/uploads\/sites\/3\/2024\/09\/10-1024x691-1.jpg\" alt=\"\" class=\"wp-image-53\" srcset=\"https:\/\/semanadamama.gimm.pt\/wp-content\/uploads\/sites\/3\/2024\/09\/10-1024x691-1.jpg 1024w, https:\/\/semanadamama.gimm.pt\/wp-content\/uploads\/sites\/3\/2024\/09\/10-1024x691-1-300x202.jpg 300w, https:\/\/semanadamama.gimm.pt\/wp-content\/uploads\/sites\/3\/2024\/09\/10-1024x691-1-768x518.jpg 768w\" sizes=\"(max-width: 1024px) 100vw, 1024px\" \/><\/figure>\n\n\n\n<figure class=\"wp-block-image size-full\"><img loading=\"lazy\" decoding=\"async\" width=\"1024\" height=\"682\" src=\"https:\/\/semanadamama.gimm.pt\/wp-content\/uploads\/sites\/3\/2024\/09\/7-1024x682-1.jpg\" alt=\"\" class=\"wp-image-54\" srcset=\"https:\/\/semanadamama.gimm.pt\/wp-content\/uploads\/sites\/3\/2024\/09\/7-1024x682-1.jpg 1024w, https:\/\/semanadamama.gimm.pt\/wp-content\/uploads\/sites\/3\/2024\/09\/7-1024x682-1-300x200.jpg 300w, https:\/\/semanadamama.gimm.pt\/wp-content\/uploads\/sites\/3\/2024\/09\/7-1024x682-1-768x512.jpg 768w\" sizes=\"(max-width: 1024px) 100vw, 1024px\" \/><\/figure>\n\n\n\n<figure class=\"wp-block-image size-full\"><img loading=\"lazy\" decoding=\"async\" width=\"1024\" height=\"678\" src=\"https:\/\/semanadamama.gimm.pt\/wp-content\/uploads\/sites\/3\/2024\/09\/2-1024x678-1.jpg\" alt=\"\" class=\"wp-image-55\" srcset=\"https:\/\/semanadamama.gimm.pt\/wp-content\/uploads\/sites\/3\/2024\/09\/2-1024x678-1.jpg 1024w, https:\/\/semanadamama.gimm.pt\/wp-content\/uploads\/sites\/3\/2024\/09\/2-1024x678-1-300x199.jpg 300w, https:\/\/semanadamama.gimm.pt\/wp-content\/uploads\/sites\/3\/2024\/09\/2-1024x678-1-768x509.jpg 768w\" sizes=\"(max-width: 1024px) 100vw, 1024px\" \/><\/figure>\n\n\n\n<figure class=\"wp-block-image size-full\"><img loading=\"lazy\" decoding=\"async\" width=\"1024\" height=\"682\" src=\"https:\/\/semanadamama.gimm.pt\/wp-content\/uploads\/sites\/3\/2024\/09\/13-1024x682-2.jpg\" alt=\"\" class=\"wp-image-56\" srcset=\"https:\/\/semanadamama.gimm.pt\/wp-content\/uploads\/sites\/3\/2024\/09\/13-1024x682-2.jpg 1024w, https:\/\/semanadamama.gimm.pt\/wp-content\/uploads\/sites\/3\/2024\/09\/13-1024x682-2-300x200.jpg 300w, https:\/\/semanadamama.gimm.pt\/wp-content\/uploads\/sites\/3\/2024\/09\/13-1024x682-2-768x512.jpg 768w\" sizes=\"(max-width: 1024px) 100vw, 1024px\" \/><\/figure>\n\n\n\n<figure class=\"wp-block-image size-full\"><img loading=\"lazy\" decoding=\"async\" width=\"683\" height=\"1024\" src=\"https:\/\/semanadamama.gimm.pt\/wp-content\/uploads\/sites\/3\/2024\/09\/BL231024_SEMANA_DA_MAMA-18-683x1024-1.jpg\" alt=\"\" class=\"wp-image-57\" srcset=\"https:\/\/semanadamama.gimm.pt\/wp-content\/uploads\/sites\/3\/2024\/09\/BL231024_SEMANA_DA_MAMA-18-683x1024-1.jpg 683w, https:\/\/semanadamama.gimm.pt\/wp-content\/uploads\/sites\/3\/2024\/09\/BL231024_SEMANA_DA_MAMA-18-683x1024-1-200x300.jpg 200w\" sizes=\"(max-width: 683px) 100vw, 683px\" \/><\/figure>\n\n\n\n<figure class=\"wp-block-image size-full\"><img loading=\"lazy\" decoding=\"async\" width=\"1024\" height=\"683\" src=\"https:\/\/semanadamama.gimm.pt\/wp-content\/uploads\/sites\/3\/2024\/09\/BL231024_SEMANA_DA_MAMA-15-1024x683-1.jpg\" alt=\"\" class=\"wp-image-58\" srcset=\"https:\/\/semanadamama.gimm.pt\/wp-content\/uploads\/sites\/3\/2024\/09\/BL231024_SEMANA_DA_MAMA-15-1024x683-1.jpg 1024w, https:\/\/semanadamama.gimm.pt\/wp-content\/uploads\/sites\/3\/2024\/09\/BL231024_SEMANA_DA_MAMA-15-1024x683-1-300x200.jpg 300w, https:\/\/semanadamama.gimm.pt\/wp-content\/uploads\/sites\/3\/2024\/09\/BL231024_SEMANA_DA_MAMA-15-1024x683-1-768x512.jpg 768w\" sizes=\"(max-width: 1024px) 100vw, 1024px\" \/><\/figure>\n<\/figure>\n\n\n\n<p class=\"has-white-color has-text-color has-link-color wp-elements-7e4ac651328708ea719ac0894fa30934\">.<\/p>\n\n\n\n<p>Este evento contou com o apoio de Gilead Sciences, Uriage Portugal e Fitness Nestl\u00e9 e foi financiado pelo CARE. Contamos ainda com o apoio de diversos parceiros que nos ajudaram durante todo o evento.<a href=\"https:\/\/imm.medicina.ulisboa.pt\/pt-pt\/\" target=\"_blank\" rel=\"noreferrer noopener\"><\/a><\/p>\n\n<\/div>\n\t\t\t<\/div>\n\t\t<\/section>\n\t<\/div>\n\n<\/div>\n\n\n\n<div id=\"\" class=\"alignfull wp-block-gimm-donation-banner\">\n\n\t<section class=\"dividerparallax4\" style=\"background-image: url('https:\/\/semanadamama.gimm.pt\/wp-content\/themes\/gimm\/dist\/images\/rectangle.jpg');\">\n\t\t<div class=\"container\">\n\t\t\t<div class=\"row\">\n\t\t\t\t<div class=\"col-12 col-lg-3 col-xl-4 col-xxl-5\"><\/div>\n\t\t\t\t<div class=\"col-12 col-lg-9 col-xl-8 col-xxl-7\">\n\t\t\t\t\t<h2 class=\"gimm_divider_title pt-4 wow fadeInLeft\"><img class=\"img-fluid gimm_logo_elementw wow fadeInLeft\"\n\t\t\t\t\t\t\tsrc=\"https:\/\/semanadamama.gimm.pt\/wp-content\/themes\/gimm\/dist\/images\/logo_anim.gif\" alt=\"GIMM logo\">\n\t\t\t\t\t\tSemana da Mama 2024\t\t\t\t\t<\/h2>\n\t\t\t\t\t<a  href=\"https:\/\/semanadamama.gimm.pt\/en\/programa-2024\/\" target=\"_self\"\n\t\t\t\t\t\tclass=\"gimm_linkbt_donate wow fadeInUp\">Esperamos por si<\/a>\n\t\t\t\t<\/div>\n\t\t\t<\/div>\n\t\t<\/div>\n\t<\/section>\n\n","protected":false},"excerpt":{"rendered":"<p>Outubro \u00e9 o m\u00eas em que \u2013 a n\u00edvel mundial \u2013 nos vestimos de cor de rosa e nos juntamos para alertar para o cancro [&hellip;]<\/p>\n","protected":false},"author":1002,"featured_media":0,"parent":0,"menu_order":0,"comment_status":"closed","ping_status":"closed","template":"","meta":{"_acf_changed":false,"footnotes":""},"acf":[],"_links":{"self":[{"href":"https:\/\/semanadamama.gimm.pt\/en\/wp-json\/wp\/v2\/pages\/11"}],"collection":[{"href":"https:\/\/semanadamama.gimm.pt\/en\/wp-json\/wp\/v2\/pages"}],"about":[{"href":"https:\/\/semanadamama.gimm.pt\/en\/wp-json\/wp\/v2\/types\/page"}],"author":[{"embeddable":true,"href":"https:\/\/semanadamama.gimm.pt\/en\/wp-json\/wp\/v2\/users\/1002"}],"replies":[{"embeddable":true,"href":"https:\/\/semanadamama.gimm.pt\/en\/wp-json\/wp\/v2\/comments?post=11"}],"version-history":[{"count":23,"href":"https:\/\/semanadamama.gimm.pt\/en\/wp-json\/wp\/v2\/pages\/11\/revisions"}],"predecessor-version":[{"id":292,"href":"https:\/\/semanadamama.gimm.pt\/en\/wp-json\/wp\/v2\/pages\/11\/revisions\/292"}],"wp:attachment":[{"href":"https:\/\/semanadamama.gimm.pt\/en\/wp-json\/wp\/v2\/media?parent=11"}],"curies":[{"name":"wp","href":"https:\/\/api.w.org\/{rel}","templated":true}]}}