{"id":21,"date":"2024-09-27T08:09:46","date_gmt":"2024-09-27T08:09:46","guid":{"rendered":"https:\/\/semanadamama.gimm.pt\/?page_id=21"},"modified":"2024-11-15T17:09:44","modified_gmt":"2024-11-15T17:09:44","slug":"semana-da-mama-2024","status":"publish","type":"page","link":"https:\/\/semanadamama.gimm.pt\/en\/semana-da-mama-2024\/","title":{"rendered":"Semana da Mama 2024"},"content":{"rendered":"\n<p class=\"mt-5 has-white-color has-text-color has-link-color wp-elements-73b88d44166450b0a429739ca181f4bb\">.<strong>Contamos consigo!<\/strong><\/p>\n\n\n\n<p class=\"has-white-color has-text-color has-link-color wp-elements-7e4ac651328708ea719ac0894fa30934\">.<\/p>\n\n\n<div class=\"wp-block-image\">\n<figure class=\"aligncenter size-large\"><img loading=\"lazy\" decoding=\"async\" width=\"1024\" height=\"576\" src=\"http:\/\/semanadamama.gimm.pt\/wp-content\/uploads\/sites\/3\/2024\/11\/au-143-1-1024x576.jpg\" alt=\"\" class=\"wp-image-296\" srcset=\"https:\/\/semanadamama.gimm.pt\/wp-content\/uploads\/sites\/3\/2024\/11\/au-143-1-1024x576.jpg 1024w, https:\/\/semanadamama.gimm.pt\/wp-content\/uploads\/sites\/3\/2024\/11\/au-143-1-300x169.jpg 300w, https:\/\/semanadamama.gimm.pt\/wp-content\/uploads\/sites\/3\/2024\/11\/au-143-1-768x432.jpg 768w, https:\/\/semanadamama.gimm.pt\/wp-content\/uploads\/sites\/3\/2024\/11\/au-143-1-1536x864.jpg 1536w, https:\/\/semanadamama.gimm.pt\/wp-content\/uploads\/sites\/3\/2024\/11\/au-143-1-2048x1152.jpg 2048w\" sizes=\"(max-width: 1024px) 100vw, 1024px\" \/><\/figure><\/div>\n\n\n<p><br><br>A 2\u00aa edi\u00e7\u00e3o da Semana da Mama aconteceu durante 5 dias \u2013 de 15 a 19 de outubro de 2024 &#8211; no mesmo espa\u00e7o do ano anterior, na Alameda da Universidade, em Lisboa. Foi organizada pela <a href=\"http:\/\/www.gimm.pt\">Funda\u00e7\u00e3o GIMM<\/a> (Gulbenkian Institute for Molecular Medicine), institui\u00e7\u00e3o que \u00e9 o resultado da fus\u00e3o entre o Instituto Gulbenkian de Ci\u00eancia (IGC) e o Instituto de Medicina Molecular (iMM).<\/p>\n\n\n\n<p>Houve algumas diferen\u00e7as importantes em rela\u00e7\u00e3o \u00e0 primeira edi\u00e7\u00e3o, uma vez que se tentou estar mais pr\u00f3ximo do cidad\u00e3o comum e ir de encontro aos seus interesses. Desta forma, foi poss\u00edvel:<\/p>\n\n\n\n<h4 class=\"wp-block-heading\"><br><strong>Visitar uma exposi\u00e7\u00e3o<\/strong> onde se mostrava o que \u00e9 o cancro, em particular o cancro da mama, o que \u00e9 trabalho da Funda\u00e7\u00e3o GIMM na \u00e1rea do Cancro da Mama e ainda perceber o impacto que o acesso \u00e0 informa\u00e7\u00e3o tem na vida dos pacientes de cancro.<br><\/h4>\n\n\n\n<h4 class=\"wp-block-heading\"><br><strong>Doar uma amostra de sangue<\/strong> para ser usada em investiga\u00e7\u00e3o cient\u00edfica, atrav\u00e9s do Biobanco.<\/h4>\n\n\n\n<h4 class=\"wp-block-heading\"><br><strong>Participar em conversas com cientistas<\/strong>, que em todas as tardes estavam dispon\u00edveis para conversar com quem tivesse quest\u00f5es a fazer.<br><\/h4>\n\n\n\n<h4 class=\"wp-block-heading\"><br><strong>Assistir a palestras com m\u00e9dicos, pacientes e outros interlocutores, e outros momentos<\/strong>, como workshops, uma aula de yoga ou a leitura de um livro infantil.<\/h4>\n\n\n\n<p><br>Nesta edi\u00e7\u00e3o as palestras foram transmitidas em streaming e podem ser novamente vistas <a href=\"https:\/\/www.youtube.com\/playlist?list=PL5lJ9-HNuEQogKHDyGsriTzZW_FZu3mrH\">aqui<\/a>.<\/p>\n\n\n\n<p><\/p>\n\n\n\n<p><br><\/p>\n\n\n\n<figure class=\"wp-block-gallery has-nested-images columns-default is-cropped wp-block-gallery-1 is-layout-flex wp-block-gallery-is-layout-flex\">\n<figure class=\"wp-block-image size-large\"><img loading=\"lazy\" decoding=\"async\" width=\"1024\" height=\"683\" data-id=\"306\" src=\"https:\/\/semanadamama.gimm.pt\/wp-content\/uploads\/sites\/3\/2024\/11\/au-34-1024x683-1.jpg\" alt=\"\" class=\"wp-image-306\" srcset=\"https:\/\/semanadamama.gimm.pt\/wp-content\/uploads\/sites\/3\/2024\/11\/au-34-1024x683-1.jpg 1024w, https:\/\/semanadamama.gimm.pt\/wp-content\/uploads\/sites\/3\/2024\/11\/au-34-1024x683-1-300x200.jpg 300w, https:\/\/semanadamama.gimm.pt\/wp-content\/uploads\/sites\/3\/2024\/11\/au-34-1024x683-1-768x512.jpg 768w\" sizes=\"(max-width: 1024px) 100vw, 1024px\" \/><\/figure>\n\n\n\n<figure class=\"wp-block-image size-full\"><img loading=\"lazy\" decoding=\"async\" width=\"1024\" height=\"683\" data-id=\"304\" src=\"https:\/\/semanadamama.gimm.pt\/wp-content\/uploads\/sites\/3\/2024\/11\/au-73-1024x683-1.jpg\" alt=\"\" class=\"wp-image-304\" srcset=\"https:\/\/semanadamama.gimm.pt\/wp-content\/uploads\/sites\/3\/2024\/11\/au-73-1024x683-1.jpg 1024w, https:\/\/semanadamama.gimm.pt\/wp-content\/uploads\/sites\/3\/2024\/11\/au-73-1024x683-1-300x200.jpg 300w, https:\/\/semanadamama.gimm.pt\/wp-content\/uploads\/sites\/3\/2024\/11\/au-73-1024x683-1-768x512.jpg 768w\" sizes=\"(max-width: 1024px) 100vw, 1024px\" \/><\/figure>\n\n\n\n<figure class=\"wp-block-image size-full\"><img loading=\"lazy\" decoding=\"async\" width=\"1024\" height=\"683\" data-id=\"301\" src=\"https:\/\/semanadamama.gimm.pt\/wp-content\/uploads\/sites\/3\/2024\/11\/au-95-1024x683-1.jpg\" alt=\"\" class=\"wp-image-301\" srcset=\"https:\/\/semanadamama.gimm.pt\/wp-content\/uploads\/sites\/3\/2024\/11\/au-95-1024x683-1.jpg 1024w, https:\/\/semanadamama.gimm.pt\/wp-content\/uploads\/sites\/3\/2024\/11\/au-95-1024x683-1-300x200.jpg 300w, https:\/\/semanadamama.gimm.pt\/wp-content\/uploads\/sites\/3\/2024\/11\/au-95-1024x683-1-768x512.jpg 768w\" sizes=\"(max-width: 1024px) 100vw, 1024px\" \/><\/figure>\n\n\n\n<figure class=\"wp-block-image size-large\"><img loading=\"lazy\" decoding=\"async\" width=\"1024\" height=\"683\" data-id=\"303\" src=\"https:\/\/semanadamama.gimm.pt\/wp-content\/uploads\/sites\/3\/2024\/11\/au-122-1-1024x683-1.jpg\" alt=\"\" class=\"wp-image-303\" srcset=\"https:\/\/semanadamama.gimm.pt\/wp-content\/uploads\/sites\/3\/2024\/11\/au-122-1-1024x683-1.jpg 1024w, https:\/\/semanadamama.gimm.pt\/wp-content\/uploads\/sites\/3\/2024\/11\/au-122-1-1024x683-1-300x200.jpg 300w, https:\/\/semanadamama.gimm.pt\/wp-content\/uploads\/sites\/3\/2024\/11\/au-122-1-1024x683-1-768x512.jpg 768w\" sizes=\"(max-width: 1024px) 100vw, 1024px\" \/><\/figure>\n\n\n\n<figure class=\"wp-block-image size-large\"><img loading=\"lazy\" decoding=\"async\" width=\"1024\" height=\"683\" data-id=\"302\" src=\"https:\/\/semanadamama.gimm.pt\/wp-content\/uploads\/sites\/3\/2024\/11\/au-124-1024x683-1.jpg\" alt=\"\" class=\"wp-image-302\" srcset=\"https:\/\/semanadamama.gimm.pt\/wp-content\/uploads\/sites\/3\/2024\/11\/au-124-1024x683-1.jpg 1024w, https:\/\/semanadamama.gimm.pt\/wp-content\/uploads\/sites\/3\/2024\/11\/au-124-1024x683-1-300x200.jpg 300w, https:\/\/semanadamama.gimm.pt\/wp-content\/uploads\/sites\/3\/2024\/11\/au-124-1024x683-1-768x512.jpg 768w\" sizes=\"(max-width: 1024px) 100vw, 1024px\" \/><\/figure>\n\n\n\n<figure class=\"wp-block-image size-large\"><img loading=\"lazy\" decoding=\"async\" width=\"1024\" height=\"683\" data-id=\"300\" src=\"https:\/\/semanadamama.gimm.pt\/wp-content\/uploads\/sites\/3\/2024\/11\/au-148-1024x683-1.jpg\" alt=\"\" class=\"wp-image-300\" srcset=\"https:\/\/semanadamama.gimm.pt\/wp-content\/uploads\/sites\/3\/2024\/11\/au-148-1024x683-1.jpg 1024w, https:\/\/semanadamama.gimm.pt\/wp-content\/uploads\/sites\/3\/2024\/11\/au-148-1024x683-1-300x200.jpg 300w, https:\/\/semanadamama.gimm.pt\/wp-content\/uploads\/sites\/3\/2024\/11\/au-148-1024x683-1-768x512.jpg 768w\" sizes=\"(max-width: 1024px) 100vw, 1024px\" \/><\/figure>\n\n\n\n<figure class=\"wp-block-image size-large\"><img loading=\"lazy\" decoding=\"async\" width=\"1024\" height=\"683\" data-id=\"310\" src=\"https:\/\/semanadamama.gimm.pt\/wp-content\/uploads\/sites\/3\/2024\/11\/au-173-1024x683-1.jpg\" alt=\"\" class=\"wp-image-310\" srcset=\"https:\/\/semanadamama.gimm.pt\/wp-content\/uploads\/sites\/3\/2024\/11\/au-173-1024x683-1.jpg 1024w, https:\/\/semanadamama.gimm.pt\/wp-content\/uploads\/sites\/3\/2024\/11\/au-173-1024x683-1-300x200.jpg 300w, https:\/\/semanadamama.gimm.pt\/wp-content\/uploads\/sites\/3\/2024\/11\/au-173-1024x683-1-768x512.jpg 768w\" sizes=\"(max-width: 1024px) 100vw, 1024px\" \/><\/figure>\n\n\n\n<figure class=\"wp-block-image size-full\"><img loading=\"lazy\" decoding=\"async\" width=\"790\" height=\"518\" data-id=\"311\" src=\"https:\/\/semanadamama.gimm.pt\/wp-content\/uploads\/sites\/3\/2024\/11\/Screenshot-2024-10-22-at-17.50.43.png\" alt=\"\" class=\"wp-image-311\" srcset=\"https:\/\/semanadamama.gimm.pt\/wp-content\/uploads\/sites\/3\/2024\/11\/Screenshot-2024-10-22-at-17.50.43.png 790w, https:\/\/semanadamama.gimm.pt\/wp-content\/uploads\/sites\/3\/2024\/11\/Screenshot-2024-10-22-at-17.50.43-300x197.png 300w, https:\/\/semanadamama.gimm.pt\/wp-content\/uploads\/sites\/3\/2024\/11\/Screenshot-2024-10-22-at-17.50.43-768x504.png 768w\" sizes=\"(max-width: 790px) 100vw, 790px\" \/><\/figure>\n<\/figure>\n\n\n\n<p><\/p>\n\n\n\n<p class=\"mt-5 has-white-color has-text-color has-link-color wp-elements-7783d7eb260b1ba721b092a4c175f34a\">.<\/p>\n","protected":false},"excerpt":{"rendered":"<p>.Contamos consigo! . A 2\u00aa edi\u00e7\u00e3o da Semana da Mama aconteceu durante 5 dias \u2013 de 15 a 19 de outubro de 2024 &#8211; no [&hellip;]<\/p>\n","protected":false},"author":1002,"featured_media":328,"parent":0,"menu_order":0,"comment_status":"closed","ping_status":"closed","template":"","meta":{"_acf_changed":false,"footnotes":""},"acf":[],"_links":{"self":[{"href":"https:\/\/semanadamama.gimm.pt\/en\/wp-json\/wp\/v2\/pages\/21"}],"collection":[{"href":"https:\/\/semanadamama.gimm.pt\/en\/wp-json\/wp\/v2\/pages"}],"about":[{"href":"https:\/\/semanadamama.gimm.pt\/en\/wp-json\/wp\/v2\/types\/page"}],"author":[{"embeddable":true,"href":"https:\/\/semanadamama.gimm.pt\/en\/wp-json\/wp\/v2\/users\/1002"}],"replies":[{"embeddable":true,"href":"https:\/\/semanadamama.gimm.pt\/en\/wp-json\/wp\/v2\/comments?post=21"}],"version-history":[{"count":31,"href":"https:\/\/semanadamama.gimm.pt\/en\/wp-json\/wp\/v2\/pages\/21\/revisions"}],"predecessor-version":[{"id":327,"href":"https:\/\/semanadamama.gimm.pt\/en\/wp-json\/wp\/v2\/pages\/21\/revisions\/327"}],"wp:featuredmedia":[{"embeddable":true,"href":"https:\/\/semanadamama.gimm.pt\/en\/wp-json\/wp\/v2\/media\/328"}],"wp:attachment":[{"href":"https:\/\/semanadamama.gimm.pt\/en\/wp-json\/wp\/v2\/media?parent=21"}],"curies":[{"name":"wp","href":"https:\/\/api.w.org\/{rel}","templated":true}]}}